{"id":3576,"date":"2016-07-07T10:56:27","date_gmt":"2016-07-07T08:56:27","guid":{"rendered":"http:\/\/www.gautena.org\/comunicacion\/"},"modified":"2025-06-23T11:15:43","modified_gmt":"2025-06-23T09:15:43","slug":"komunikazioa","status":"publish","type":"page","link":"https:\/\/www.gautena.org\/eu\/komunikazioa\/","title":{"rendered":"Komunikazioa"},"content":{"rendered":"<p>[vc_row css=&#8221;.vc_custom_1473928709909{background-color: #0051ba !important;}&#8221; el_class=&#8221;filatitulo&#8221;][vc_column][vc_column_text el_class=&#8221;textotitulo&#8221;]<\/p>\n<h3 class=\"blanco\" style=\"text-align: center;\">KOMUNIKAZIOA<\/h3>\n<p>[\/vc_column_text][\/vc_column][\/vc_row][vc_row foundry_padding=&#8221;pt180 pb180 pt-xs-80 pb-xs-80&#8243; el_id=&#8221;revista&#8221; el_class=&#8221;filatextoentrada&#8221; css=&#8221;.vc_custom_1474028560991{margin-bottom: 100px !important;}&#8221;][vc_column css=&#8221;.vc_custom_1474028581802{margin-top: 0px !important;padding-top: 0px !important;padding-bottom: 100px !important;}&#8221;]\n\t\t<div class=\"tabbed-content button-tabs vertical text-center\">\n\t\t    <ul class=\"tabs\">\n\t\t        \n\t\t<li>\n\t\t    <div class=\"tab-title\">\n\t\t    \t<i class=\" icon\"><\/i>\n\t\t        <span>Informazio kanpainak<\/span>\n\t\t    <\/div>\n\t\t    <div class=\"tab-content\"><\/p>\n<p class=\"p1\"><span class=\"s1\">GAUTENAren jardunak, laguntza-zerbitzuak eskaintzetik haratago, kanpo-komunikazioa eta gizarte sentsibilizazioa helburu duten beste jarduera batzuk jasotzen ditu. <\/span><\/p>\n<p>Urtero, GAUTENAk informazio kanpaina bat eramaten du aurrera hedabide garrantzitsuen bitartez, bai prentsa idatzia baita kanpoko publizitatearen bidez. Inguruko erakunde, instituzio eta, orokorrean, biztanleria osoari bideratutako kanpainak izan ohi dira. Kanpaina hauek aukera ezinhobeak dira jendeari autismoaren inguruko informazioa helarazteko eta AEN duten pertsonen gizarteratzearen garrantzia azpimarratzeko.<\/p>\n<p><a href=\"https:\/\/www.gautena.org\/urdinduz-2021_eu\/\" target=\"_blank\" rel=\"noopener\">URDINDUZ 2021<\/a><\/p>\n<p><a href=\"https:\/\/www.gautena.org\/autismoaren-nazioarteko-eguna-dia-mundial-del-autismo-2020\/\" target=\"_blank\" rel=\"noopener noreferrer\">AUTISMOAREN NAZIOARTEKO EGUNA 2020<\/a><\/p>\n<p><a href=\"https:\/\/www.gautena.org\/bola-solidaria-2019-gautena\/\">BOLA SOLIDARIOA 2019<\/a><\/p>\n<p><a href=\"https:\/\/www.gautena.org\/urdinduz-2019-autismoaren-alde-lanean\/\" target=\"_blank\" rel=\"noopener noreferrer\">URDINDUZ 2019<\/a><\/p>\n<p><a href=\"https:\/\/www.gautena.org\/bola-solidaria-2018\/\" target=\"_blank\" rel=\"noopener noreferrer\">BOLA SOLIDARIOA 2018<\/a><\/p>\n<\/div>\n\t\t<\/li>\n\t\n\t\t<li>\n\t\t    <div class=\"tab-title\">\n\t\t    \t<i class=\" icon\"><\/i>\n\t\t        <span>Publikazioak<\/span>\n\t\t    <\/div>\n\t\t    <div class=\"tab-content\"><p>2020ko hitzaldia Joaqu\u00edn Fuentesen eskutik <a href=\"https:\/\/www.gautena.org\/wp-content\/uploads\/2020\/02\/KURSAAL-DR.-FUENTES.pdf\" target=\"_blank\" rel=\"noopener\">&#8220;Investigaci\u00f3n y apoyo en el Autismo: nada sobre m\u00ed, si m\u00ed&#8221;<\/a> izenpean, AENaren ikerketei buruzko erreferentzia interesgarri batzuekin.<\/p>\n<p>Joaqu\u00edn Fuentes eta Irma Isasaren <a href=\"https:\/\/www.gautena.org\/wp-content\/uploads\/2022\/03\/El-apoyo-a-la-infancia-con-autismo-Joaquin-Fuentes_Irma-Isasa_2022.pdf\" target=\"_blank\" rel=\"noopener\">&#8220;El apoyo a la infancia con autismo&#8221;<\/a> hitzaldia 2022an.<\/p>\n<p>Javier Pardo abokatuaren hitzaldia 2022an <a href=\"https:\/\/www.gautena.org\/wp-content\/uploads\/2022\/03\/Reforma-legal-capacidad-juridica_Javier-Pardo.pdf\" target=\"_blank\" rel=\"noopener\">&#8220;Desgaitasuna duten pertsonen gaitasun juridikoa&#8221;<\/a>-ri buruz.<\/p>\n<\/div>\n\t\t<\/li>\n\t\n\t\t<li>\n\t\t    <div class=\"tab-title\">\n\t\t    \t<i class=\" icon\"><\/i>\n\t\t        <span>Urteroko memoria<\/span>\n\t\t    <\/div>\n\t\t    <div class=\"tab-content\"><p>Urtero, GAUTENAk jardueren memoria argitaratzen du aurreko urtean izandako ekintza eta gai garrantzitsuenekin.<\/p>\n<div id=\"bloque_derecha\" class=\"fondo-gautena\">\n<div id=\"contenido\">\n<div class=\"pate-derecha pieza-publicaciones\">\n<h5>Azkenengo jarduera txostenak:<\/h5>\n<p><a href=\"https:\/\/www.gautena.org\/wp-content\/uploads\/2025\/06\/JARDUEREN-MEMORIA-2024.pdf\" target=\"_blank\" rel=\"noopener\"><strong>2024ko Jardueren Memoria<\/strong><\/a><br \/>\n<a href=\"https:\/\/issuu.com\/gautena-gipuzkoa\/docs\/jardueren_memoria_2023\" target=\"_blank\" rel=\"noopener\"><strong>2023ko Jardueren Memoria<\/strong><\/a><br \/>\n<a href=\"https:\/\/issuu.com\/gautena-gipuzkoa\/docs\/2022ko_jardueren_memoria\" target=\"_blank\" rel=\"noopener\"><strong>2022ko Jardueren Memoria<\/strong><\/a><br \/>\n<a href=\"https:\/\/issuu.com\/gautena-gipuzkoa\/docs\/jardueren_memoria_2021\" target=\"_blank\" rel=\"noopener\"><strong>2021eko Jardueren Memoria<\/strong><\/a><br \/>\n<a href=\"https:\/\/www.gautena.org\/wp-content\/uploads\/2021\/12\/JARDUEREN-MEMORIA-2020.pdf\" target=\"_blank\" rel=\"noopener\"><strong>2020ko Jardueren Memoria<\/strong><\/a><br \/>\n<strong><a href=\"https:\/\/issuu.com\/gautena-gipuzkoa\/docs\/jardueren_txostena_2019\" target=\"_blank\" rel=\"noopener noreferrer\">2019ko Jardueren Memoria<\/a><\/strong><br \/>\n<a href=\"https:\/\/issuu.com\/gautena-gipuzkoa\/docs\/jardueren_memoria_2018\" target=\"_blank\" rel=\"noopener noreferrer\"><strong>2018ko Jardueren Memoria<\/strong><\/a><br \/>\n<a href=\"https:\/\/www.gautena.org\/wp-content\/uploads\/2021\/01\/Jarduera-txostena-2017.pdf\" target=\"_blank\" rel=\"noopener noreferrer\"><strong>2017ko Jardueren Memoria<\/strong><\/a><br \/>\n<strong><a href=\"https:\/\/issuu.com\/gautena-gipuzkoa\/docs\/jarduera_txostena_2016\" target=\"_blank\" rel=\"noopener noreferrer\">2016ko Jardueren Memoria<\/a><\/strong><br \/>\n<strong><a href=\"https:\/\/www.gautena.org\/pdf\/publicaciones\/Memoria15-GAUTENA-Eus.pdf\" target=\"_blank\" rel=\"noopener noreferrer\">2015ko Jardueren Memoria<\/a><\/strong><br \/>\n<strong><a href=\"https:\/\/www.gautena.org\/pdf\/publicaciones\/Memoria14-GAUTENA-Eus.pdf\" target=\"_blank\" rel=\"noopener noreferrer\">2014ko Jardueren Memoria<\/a><\/strong><br \/>\n<strong><a href=\"https:\/\/www.gautena.org\/pdf\/publicaciones\/Memoria13-GAUTENA-Eus.pdf\" target=\"_blank\" rel=\"noopener noreferrer\">2013ko Jardueren Memoria<\/a><\/strong><br \/>\n<strong><a href=\"https:\/\/www.gautena.org\/pdf\/publicaciones\/Memoria12-GAUTENA-Eus.pdf\" target=\"_blank\" rel=\"noopener noreferrer\">2012ko Jardueren Memoria<\/a><\/strong><br \/>\n<strong><a href=\"https:\/\/www.gautena.org\/pdf\/publicaciones\/Memoria11-GAUTENA-Eus.pdf\" target=\"_blank\" rel=\"noopener noreferrer\">2011ko Jardueren Memoria<\/a><\/strong><br \/>\n<strong><a href=\"https:\/\/www.gautena.org\/pdf\/publicaciones\/Memoria10-GAUTENA-Eus.pdf\" target=\"_blank\" rel=\"noopener noreferrer\">2010ko Jardueren Memoria<\/a><\/strong><\/p>\n<\/div>\n<\/div>\n<\/div>\n<p>\n<\/div>\n\t\t<\/li>\n\t\n\t\t<li>\n\t\t    <div class=\"tab-title\">\n\t\t    \t<i class=\" icon\"><\/i>\n\t\t        <span>Aldizkaria<\/span>\n\t\t    <\/div>\n\t\t    <div class=\"tab-content\"><p>GAUTENAk\u00a0<strong>GAUTENA GAUR<\/strong>\u00a0aldizkaria argitaratzen du. Bertan, erakundeko ekintza esanguratsuenak jasotzen dira eta oro har autismoaren inguruan mundu mailan zabaltzen diren berriak.<\/p>\n<h5>Aldizkariaren azken zenbakiak:<\/h5>\n<p>59. Zenbakia: <a href=\"https:\/\/issuu.com\/gautena-gipuzkoa\/docs\/revista_59_web_\" target=\"_blank\" rel=\"noopener\"><strong>2023ko NEGUA<\/strong><\/a><br \/>\n58. Zenbakia: <a href=\"https:\/\/issuu.com\/gautena-gipuzkoa\/docs\/gautena_gaur_58\" target=\"_blank\" rel=\"noopener\"><strong>2022ko NEGUA<\/strong><\/a><br \/>\n57. Zenbakia: <a href=\"https:\/\/issuu.com\/gautena-gipuzkoa\/docs\/gautena_gaur_57\" target=\"_blank\" rel=\"noopener\"><strong>2021eko NEGUA<\/strong><\/a><br \/>\n56. Zenbakia: <strong><a href=\"https:\/\/issuu.com\/gautena-gipuzkoa\/docs\/gautena_gaur_56__web_\" target=\"_blank\" rel=\"noopener noreferrer\">2020ko NEGUA<\/a><\/strong><br \/>\n55. Zenbakia: <a href=\"https:\/\/issuu.com\/gautena-gipuzkoa\/docs\/gautena_gaur_55\" target=\"_blank\" rel=\"noopener noreferrer\"><strong>2019ko NEGUA<\/strong><\/a><br \/>\n54. Zenbakia: <a href=\"https:\/\/issuu.com\/gautena-gipuzkoa\/docs\/54.gautena_gaur_web\" target=\"_blank\" rel=\"noopener noreferrer\"><strong>2018ko NEGUA<\/strong><\/a><br \/>\n53. Zenbakia: <strong><a href=\"https:\/\/issuu.com\/gautena-gipuzkoa\/docs\/53.gautena_gaur_web\" target=\"_blank\" rel=\"noopener noreferrer\">2018ko NEGUA<\/a><\/strong><br \/>\n52. Zenbakia: <a href=\"https:\/\/issuu.com\/gautena-gipuzkoa\/docs\/gautena_gaur_n__52\" target=\"_blank\" rel=\"noopener noreferrer\"><strong>2017ko UDARA<\/strong><\/a><br \/>\n51. Zenbakia: <a href=\"https:\/\/www.gautena.org\/pdf\/revistahoy\/N51_CAST.pdf\" target=\"_blank\" rel=\"noopener noreferrer\"><strong>2015ko NEGUA<\/strong><\/a><br \/>\n50. Zenbakia:<strong>\u00a0<a href=\"https:\/\/www.gautena.org\/pdf\/revistahoy\/N50_CAST.pdf\" target=\"_blank\" rel=\"noopener noreferrer\">2015ko UDABERRIA<\/a><\/strong><br \/>\n49. Zenbakia:<strong>\u00a0<a href=\"https:\/\/www.gautena.org\/pdf\/revistahoy\/N49_CAST.pdf\" target=\"_blank\" rel=\"noopener noreferrer\">2014ko UDAZKENA<\/a><\/strong><br \/>\n48. Zenbakia:<strong>\u00a0<a href=\"https:\/\/www.gautena.org\/pdf\/revistahoy\/N48_CAST.pdf\" target=\"_blank\" rel=\"noopener noreferrer\">2014ko UDARA<\/a><\/strong><br \/>\n47. Zenbakia:<strong>\u00a0<a href=\"https:\/\/www.gautena.org\/pdf\/revistahoy\/N47_CAST.pdf\" target=\"_blank\" rel=\"noopener noreferrer\">2014ko NEGUA<\/a><\/strong><br \/>\n46. Zenbakia:<strong>\u00a0<a href=\"https:\/\/www.gautena.org\/pdf\/revistahoy\/N46_CAST.pdf\" target=\"_blank\" rel=\"noopener noreferrer\">2013ko UDARA<\/a><\/strong><br \/>\n45. Zenbakia:<strong>\u00a0<a href=\"https:\/\/www.gautena.org\/pdf\/revistahoy\/N45_CAST.pdf\" target=\"_blank\" rel=\"noopener noreferrer\">2012ko NEGUA<\/a><\/strong><br \/>\n44. Zenbakia:<strong>\u00a0<a href=\"https:\/\/www.gautena.org\/pdf\/revistahoy\/N44_CAST.pdf\" target=\"_blank\" rel=\"noopener noreferrer\">2012ko UDARA<\/a><\/strong><br \/>\n43. Zenbakia:<strong>\u00a0<a href=\"https:\/\/www.gautena.org\/pdf\/revistahoy\/N43_CAST.pdf\" target=\"_blank\" rel=\"noopener noreferrer\">2011ko UDAZKENA<\/a><\/strong><br \/>\n42. Zenbakia:<strong>\u00a0<a href=\"https:\/\/www.gautena.org\/pdf\/revistahoy\/N42_CAST.pdf\" target=\"_blank\" rel=\"noopener noreferrer\">2011ko\u00a0UDABERRIA<\/a><\/strong><br \/>\n41. Zenbakia:<strong>\u00a0<a href=\"https:\/\/www.gautena.org\/pdf\/revistahoy\/N41_CAST.pdf\" target=\"_blank\" rel=\"noopener noreferrer\">2011ko NEGUA<\/a><\/strong><br \/>\n40. Zenbakia:<strong>\u00a0<a href=\"https:\/\/www.gautena.org\/pdf\/revistahoy\/N40_CAST.pdf\" target=\"_blank\" rel=\"noopener noreferrer\">2010ko UDARA<\/a><\/strong><br \/>\n39. Zenbakia:<strong>\u00a0<a href=\"https:\/\/www.gautena.org\/pdf\/revistahoy\/N39_CAST.pdf\" target=\"_blank\" rel=\"noopener noreferrer\">2010ko UDABERRIA<\/a><\/strong><\/p>\n<\/div>\n\t\t<\/li>\n\t\n\t\t    <\/ul>\n\t\t<\/div>\n\t[\/vc_column][\/vc_row]<\/p>\n","protected":false},"excerpt":{"rendered":"<p>[vc_row css=&#8221;.vc_custom_1473928709909{background-color: #0051ba !important;}&#8221; el_class=&#8221;filatitulo&#8221;][vc_column][vc_column_text el_class=&#8221;textotitulo&#8221;] KOMUNIKAZIOA [\/vc_column_text][\/vc_column][\/vc_row][vc_row foundry_padding=&#8221;pt180 pb180 pt-xs-80 pb-xs-80&#8243; el_id=&#8221;revista&#8221; el_class=&#8221;filatextoentrada&#8221; css=&#8221;.vc_custom_1474028560991{margin-bottom: 100px !important;}&#8221;][vc_column css=&#8221;.vc_custom_1474028581802{margin-top: 0px !important;padding-top: 0px&#8230;<\/p>\n","protected":false},"author":488508,"featured_media":7327,"parent":0,"menu_order":0,"comment_status":"closed","ping_status":"closed","template":"","meta":{"footnotes":""},"class_list":["post-3576","page","type-page","status-publish","has-post-thumbnail","hentry"],"jetpack_sharing_enabled":true,"_links":{"self":[{"href":"https:\/\/www.gautena.org\/eu\/wp-json\/wp\/v2\/pages\/3576","targetHints":{"allow":["GET"]}}],"collection":[{"href":"https:\/\/www.gautena.org\/eu\/wp-json\/wp\/v2\/pages"}],"about":[{"href":"https:\/\/www.gautena.org\/eu\/wp-json\/wp\/v2\/types\/page"}],"author":[{"embeddable":true,"href":"https:\/\/www.gautena.org\/eu\/wp-json\/wp\/v2\/users\/488508"}],"replies":[{"embeddable":true,"href":"https:\/\/www.gautena.org\/eu\/wp-json\/wp\/v2\/comments?post=3576"}],"version-history":[{"count":23,"href":"https:\/\/www.gautena.org\/eu\/wp-json\/wp\/v2\/pages\/3576\/revisions"}],"predecessor-version":[{"id":10078,"href":"https:\/\/www.gautena.org\/eu\/wp-json\/wp\/v2\/pages\/3576\/revisions\/10078"}],"wp:featuredmedia":[{"embeddable":true,"href":"https:\/\/www.gautena.org\/eu\/wp-json\/wp\/v2\/media\/7327"}],"wp:attachment":[{"href":"https:\/\/www.gautena.org\/eu\/wp-json\/wp\/v2\/media?parent=3576"}],"curies":[{"name":"wp","href":"https:\/\/api.w.org\/{rel}","templated":true}]}}